{"id":9,"date":"2026-03-02T08:45:54","date_gmt":"2026-03-02T07:45:54","guid":{"rendered":"https:\/\/site25.monsitecommeunpro.fr\/?page_id=9"},"modified":"2026-06-23T10:53:19","modified_gmt":"2026-06-23T08:53:19","slug":"page-daccueil","status":"publish","type":"page","link":"https:\/\/site25.monsitecommeunpro.fr\/","title":{"rendered":"Page d\u2019accueil soin"},"content":{"rendered":"\n<p class=\"wp-block-paragraph\"><\/p>\n\n\n\n<div class=\"wp-block-cover has-custom-content-position is-position-bottom-center\"><img loading=\"lazy\" decoding=\"async\" width=\"1024\" height=\"568\" class=\"wp-block-cover__image-background wp-image-63 size-large\" alt=\"\" src=\"https:\/\/site25.monsitecommeunpro.fr\/wp-content\/uploads\/2026\/03\/IMG_0506-2-1024x568.jpeg\" data-object-fit=\"cover\" srcset=\"https:\/\/site25.monsitecommeunpro.fr\/wp-content\/uploads\/2026\/03\/IMG_0506-2-1024x568.jpeg 1024w, https:\/\/site25.monsitecommeunpro.fr\/wp-content\/uploads\/2026\/03\/IMG_0506-2-300x167.jpeg 300w, https:\/\/site25.monsitecommeunpro.fr\/wp-content\/uploads\/2026\/03\/IMG_0506-2-768x426.jpeg 768w, https:\/\/site25.monsitecommeunpro.fr\/wp-content\/uploads\/2026\/03\/IMG_0506-2-1536x853.jpeg 1536w, https:\/\/site25.monsitecommeunpro.fr\/wp-content\/uploads\/2026\/03\/IMG_0506-2-2048x1137.jpeg 2048w\" sizes=\"auto, (max-width: 1024px) 100vw, 1024px\" \/><span aria-hidden=\"true\" class=\"wp-block-cover__background has-background-dim\" style=\"background-color:#4f4c48\"><\/span><div class=\"wp-block-cover__inner-container is-layout-constrained wp-block-cover-is-layout-constrained\">\n<p class=\"has-text-align-center has-large-font-size wp-block-paragraph\"><em><mark style=\"background-color:rgba(0, 0, 0, 0)\" class=\"has-inline-color has-ast-global-color-5-color\">Prenez soin de votre beaut\u00e9 naturellement<\/mark><\/em><\/p>\n\n\n\n<p class=\"has-text-align-center wp-block-paragraph\"><strong><mark style=\"background-color:var(--ast-global-color-4);color:#cf2e2e\" class=\"has-inline-color\"><br><\/mark><\/strong><\/p>\n\n\n\n<div class=\"wp-block-cover is-light\"><img loading=\"lazy\" decoding=\"async\" width=\"683\" height=\"1024\" class=\"wp-block-cover__image-background wp-image-227 size-large\" alt=\"\" src=\"https:\/\/site25.monsitecommeunpro.fr\/wp-content\/uploads\/2026\/06\/IMG_0713-1-683x1024.jpeg\" data-object-fit=\"cover\" srcset=\"https:\/\/site25.monsitecommeunpro.fr\/wp-content\/uploads\/2026\/06\/IMG_0713-1-683x1024.jpeg 683w, https:\/\/site25.monsitecommeunpro.fr\/wp-content\/uploads\/2026\/06\/IMG_0713-1-200x300.jpeg 200w, https:\/\/site25.monsitecommeunpro.fr\/wp-content\/uploads\/2026\/06\/IMG_0713-1-768x1152.jpeg 768w, https:\/\/site25.monsitecommeunpro.fr\/wp-content\/uploads\/2026\/06\/IMG_0713-1-1024x1536.jpeg 1024w, https:\/\/site25.monsitecommeunpro.fr\/wp-content\/uploads\/2026\/06\/IMG_0713-1.jpeg 1067w\" sizes=\"auto, (max-width: 683px) 100vw, 683px\" \/><span aria-hidden=\"true\" class=\"wp-block-cover__background has-background-dim\" style=\"background-color:#c1c0c1\"><\/span><div class=\"wp-block-cover__inner-container is-layout-constrained wp-block-cover-is-layout-constrained\">\n<p class=\"has-text-align-center has-large-font-size wp-block-paragraph\">Rejoignez-nous pour notre portes ouvertes de folie !<\/p>\n\n\n\n<p class=\"has-text-align-center wp-block-paragraph\">POUR VOUS INSCRIRE VOUS RETROUVEZ LES INFORMATIONS DANS L\u2019ONGLET PORTES OUVERTES. <a href=\"https:\/\/site25.monsitecommeunpro.fr\/?page_id=207\" type=\"page\" id=\"207\">Portes ouvertes<\/a><\/p>\n<\/div><\/div>\n<\/div><\/div>\n\n\n\n<p class=\"wp-block-paragraph\"><\/p>\n\n\n\n<p class=\"has-text-align-center wp-block-paragraph\"><strong><em>Notre mission :<\/em><\/strong><\/p>\n\n\n\n<p class=\"has-text-align-center wp-block-paragraph\">r\u00e9v\u00e9ler l\u2019\u00e9clat naturel de votre peau et <\/p>\n\n\n\n<p class=\"has-text-align-center wp-block-paragraph\">vous offrir des soins du visage <\/p>\n\n\n\n<p class=\"has-text-align-center wp-block-paragraph\">personnalis\u00e9s adapt\u00e9s \u00e0 vos besoins. <\/p>\n\n\n\n<p class=\"wp-block-paragraph\"><\/p>\n\n\n\n<p class=\"wp-block-paragraph\"><\/p>\n\n\n\n<p class=\"wp-block-paragraph\"><\/p>\n\n\n\n<p class=\"wp-block-paragraph\"><\/p>\n\n\n\n<p class=\"has-text-align-center wp-block-paragraph\"><a href=\"https:\/\/site25.monsitecommeunpro.fr\/?page_id=26\" type=\"page\" id=\"26\">Nos soins<\/a><\/p>\n\n\n\n<p class=\"wp-block-paragraph\"><\/p>\n\n\n\n<div class=\"wp-block-media-text is-stacked-on-mobile is-vertically-aligned-center\" style=\"grid-template-columns:21% auto\"><figure class=\"wp-block-media-text__media\"><img loading=\"lazy\" decoding=\"async\" width=\"683\" height=\"1024\" src=\"https:\/\/site25.monsitecommeunpro.fr\/wp-content\/uploads\/2026\/03\/IMG_0515-683x1024.jpeg\" alt=\"Soin Hydratant \" class=\"wp-image-84 size-full\" srcset=\"https:\/\/site25.monsitecommeunpro.fr\/wp-content\/uploads\/2026\/03\/IMG_0515-683x1024.jpeg 683w, https:\/\/site25.monsitecommeunpro.fr\/wp-content\/uploads\/2026\/03\/IMG_0515-200x300.jpeg 200w, https:\/\/site25.monsitecommeunpro.fr\/wp-content\/uploads\/2026\/03\/IMG_0515.jpeg 728w\" sizes=\"auto, (max-width: 683px) 100vw, 683px\" \/><\/figure><div class=\"wp-block-media-text__content\">\n<p class=\"has-text-align-left wp-block-paragraph\">   <em>       Soin Hydratant \u2013 60\u20ac<\/em><\/p>\n\n\n\n<p class=\"wp-block-paragraph\">Ce soin hydrate en profondeur et,<\/p>\n\n\n\n<p class=\"wp-block-paragraph\">redonne de l\u2019\u00e9clat \u00e0 la peau. <\/p>\n\n\n\n<p class=\"wp-block-paragraph\">Il comprend un nettoyage,<\/p>\n\n\n\n<p class=\"wp-block-paragraph\">un masque adapt\u00e9 et un moment de d\u00e9tente.&nbsp;<br><\/p>\n\n\n\n<p class=\"wp-block-paragraph\"><\/p>\n\n\n\n<p class=\"wp-block-paragraph\"><\/p>\n\n\n\n<p class=\"wp-block-paragraph\"><\/p>\n\n\n\n<p class=\"wp-block-paragraph\"><\/p>\n\n\n\n<p class=\"wp-block-paragraph\"><br><\/p>\n<\/div><\/div>\n\n\n\n<div class=\"wp-block-media-text is-stacked-on-mobile is-vertically-aligned-center\" style=\"grid-template-columns:21% auto\"><figure class=\"wp-block-media-text__media\"><img loading=\"lazy\" decoding=\"async\" width=\"683\" height=\"1024\" src=\"https:\/\/site25.monsitecommeunpro.fr\/wp-content\/uploads\/2026\/03\/IMG_0517-683x1024.jpeg\" alt=\"Nos produits de soin \" class=\"wp-image-85 size-full\" srcset=\"https:\/\/site25.monsitecommeunpro.fr\/wp-content\/uploads\/2026\/03\/IMG_0517-683x1024.jpeg 683w, https:\/\/site25.monsitecommeunpro.fr\/wp-content\/uploads\/2026\/03\/IMG_0517-200x300.jpeg 200w, https:\/\/site25.monsitecommeunpro.fr\/wp-content\/uploads\/2026\/03\/IMG_0517-768x1152.jpeg 768w, https:\/\/site25.monsitecommeunpro.fr\/wp-content\/uploads\/2026\/03\/IMG_0517.jpeg 1024w\" sizes=\"auto, (max-width: 683px) 100vw, 683px\" \/><\/figure><div class=\"wp-block-media-text__content\">\n<p class=\"wp-block-paragraph\">                    <em><strong>Nos produits<\/strong><\/em> <\/p>\n\n\n\n<p class=\"wp-block-paragraph\">Nos produits sont de qualit\u00e9 et adapt\u00e9s,<\/p>\n\n\n\n<p class=\"wp-block-paragraph\"> \u00e0 tous les types de peau. Ils respectent,<\/p>\n\n\n\n<p class=\"wp-block-paragraph\"> la peau et garantissent des r\u00e9sultats efficaces. \u2728<br><\/p>\n<\/div><\/div>\n\n\n\n<p class=\"wp-block-paragraph\">Notre partenaire : <a href=\"https:\/\/www.aroma-zone.com\/\" type=\"link\" id=\"https:\/\/www.aroma-zone.com\/\">https:\/\/www.aroma-zone.com\/<\/a><\/p>\n\n\n\n<p class=\"wp-block-paragraph\"><\/p>\n","protected":false},"excerpt":{"rendered":"<p>Notre mission : r\u00e9v\u00e9ler l\u2019\u00e9clat naturel de votre peau et vous offrir des soins du visage personnalis\u00e9s adapt\u00e9s \u00e0 vos [&hellip;]<\/p>\n","protected":false},"author":1,"featured_media":0,"parent":0,"menu_order":0,"comment_status":"closed","ping_status":"closed","template":"","meta":{"_uag_custom_page_level_css":"","site-sidebar-layout":"no-sidebar","site-content-layout":"plain-container","ast-site-content-layout":"default","site-content-style":"default","site-sidebar-style":"default","ast-global-header-display":"","ast-banner-title-visibility":"","ast-main-header-display":"","ast-hfb-above-header-display":"","ast-hfb-below-header-display":"","ast-hfb-mobile-header-display":"","site-post-title":"disabled","ast-breadcrumbs-content":"","ast-featured-img":"","footer-sml-layout":"","theme-transparent-header-meta":"enabled","adv-header-id-meta":"","stick-header-meta":"","header-above-stick-meta":"","header-main-stick-meta":"","header-below-stick-meta":"","astra-migrate-meta-layouts":"default","ast-page-background-enabled":"default","ast-page-background-meta":{"desktop":{"background-color":"var(--ast-global-color-5)","background-image":"","background-repeat":"repeat","background-position":"center center","background-size":"auto","background-attachment":"scroll","background-type":"","background-media":"","overlay-type":"","overlay-color":"","overlay-opacity":"","overlay-gradient":""},"tablet":{"background-color":"","background-image":"","background-repeat":"repeat","background-position":"center center","background-size":"auto","background-attachment":"scroll","background-type":"","background-media":"","overlay-type":"","overlay-color":"","overlay-opacity":"","overlay-gradient":""},"mobile":{"background-color":"","background-image":"","background-repeat":"repeat","background-position":"center center","background-size":"auto","background-attachment":"scroll","background-type":"","background-media":"","overlay-type":"","overlay-color":"","overlay-opacity":"","overlay-gradient":""}},"ast-content-background-meta":{"desktop":{"background-color":"var(--ast-global-color-4)","background-image":"","background-repeat":"repeat","background-position":"center center","background-size":"auto","background-attachment":"scroll","background-type":"","background-media":"","overlay-type":"","overlay-color":"","overlay-opacity":"","overlay-gradient":""},"tablet":{"background-color":"var(--ast-global-color-4)","background-image":"","background-repeat":"repeat","background-position":"center center","background-size":"auto","background-attachment":"scroll","background-type":"","background-media":"","overlay-type":"","overlay-color":"","overlay-opacity":"","overlay-gradient":""},"mobile":{"background-color":"var(--ast-global-color-4)","background-image":"","background-repeat":"repeat","background-position":"center center","background-size":"auto","background-attachment":"scroll","background-type":"","background-media":"","overlay-type":"","overlay-color":"","overlay-opacity":"","overlay-gradient":""}},"footnotes":""},"class_list":["post-9","page","type-page","status-publish","hentry"],"yoast_head":"<!-- This site is optimized with the Yoast SEO plugin v27.0 - https:\/\/yoast.com\/product\/yoast-seo-wordpress\/ -->\n<title>Page d\u2019accueil soin -<\/title>\n<meta name=\"description\" content=\"Soin du visage : d\u00e9couvrez nos prestations\" \/>\n<meta name=\"robots\" content=\"index, follow, max-snippet:-1, max-image-preview:large, max-video-preview:-1\" \/>\n<link rel=\"canonical\" href=\"https:\/\/site25.monsitecommeunpro.fr\/\" \/>\n<meta property=\"og:locale\" content=\"fr_FR\" \/>\n<meta property=\"og:type\" content=\"article\" \/>\n<meta property=\"og:title\" content=\"Page d\u2019accueil soin -\" \/>\n<meta property=\"og:description\" content=\"Soin du visage : d\u00e9couvrez nos prestations\" \/>\n<meta property=\"og:url\" content=\"https:\/\/site25.monsitecommeunpro.fr\/\" \/>\n<meta property=\"article:modified_time\" content=\"2026-06-23T08:53:19+00:00\" \/>\n<meta property=\"og:image\" content=\"https:\/\/site25.monsitecommeunpro.fr\/wp-content\/uploads\/2026\/03\/IMG_0506-2.jpeg\" \/>\n\t<meta property=\"og:image:width\" content=\"2360\" \/>\n\t<meta property=\"og:image:height\" content=\"1310\" \/>\n\t<meta property=\"og:image:type\" content=\"image\/jpeg\" \/>\n<meta name=\"twitter:card\" content=\"summary_large_image\" \/>\n<meta name=\"twitter:label1\" content=\"Dur\u00e9e de lecture estim\u00e9e\" \/>\n\t<meta name=\"twitter:data1\" content=\"2 minutes\" \/>\n<script type=\"application\/ld+json\" class=\"yoast-schema-graph\">{\"@context\":\"https:\/\/schema.org\",\"@graph\":[{\"@type\":\"WebPage\",\"@id\":\"https:\/\/site25.monsitecommeunpro.fr\/\",\"url\":\"https:\/\/site25.monsitecommeunpro.fr\/\",\"name\":\"Page d\u2019accueil soin -\",\"isPartOf\":{\"@id\":\"https:\/\/site25.monsitecommeunpro.fr\/#website\"},\"primaryImageOfPage\":{\"@id\":\"https:\/\/site25.monsitecommeunpro.fr\/#primaryimage\"},\"image\":{\"@id\":\"https:\/\/site25.monsitecommeunpro.fr\/#primaryimage\"},\"thumbnailUrl\":\"https:\/\/site25.monsitecommeunpro.fr\/wp-content\/uploads\/2026\/03\/IMG_0506-2-1024x568.jpeg\",\"datePublished\":\"2026-03-02T07:45:54+00:00\",\"dateModified\":\"2026-06-23T08:53:19+00:00\",\"description\":\"Soin du visage : d\u00e9couvrez nos prestations\",\"breadcrumb\":{\"@id\":\"https:\/\/site25.monsitecommeunpro.fr\/#breadcrumb\"},\"inLanguage\":\"fr-FR\",\"potentialAction\":[{\"@type\":\"ReadAction\",\"target\":[\"https:\/\/site25.monsitecommeunpro.fr\/\"]}]},{\"@type\":\"ImageObject\",\"inLanguage\":\"fr-FR\",\"@id\":\"https:\/\/site25.monsitecommeunpro.fr\/#primaryimage\",\"url\":\"https:\/\/site25.monsitecommeunpro.fr\/wp-content\/uploads\/2026\/03\/IMG_0506-2.jpeg\",\"contentUrl\":\"https:\/\/site25.monsitecommeunpro.fr\/wp-content\/uploads\/2026\/03\/IMG_0506-2.jpeg\",\"width\":2360,\"height\":1310,\"caption\":\"Screenshot\"},{\"@type\":\"BreadcrumbList\",\"@id\":\"https:\/\/site25.monsitecommeunpro.fr\/#breadcrumb\",\"itemListElement\":[{\"@type\":\"ListItem\",\"position\":1,\"name\":\"Accueil\",\"item\":\"https:\/\/site25.monsitecommeunpro.fr\/\"},{\"@type\":\"ListItem\",\"position\":2,\"name\":\"Page d\u2019accueil soin\"}]},{\"@type\":\"WebSite\",\"@id\":\"https:\/\/site25.monsitecommeunpro.fr\/#website\",\"url\":\"https:\/\/site25.monsitecommeunpro.fr\/\",\"name\":\"\",\"description\":\"\",\"potentialAction\":[{\"@type\":\"SearchAction\",\"target\":{\"@type\":\"EntryPoint\",\"urlTemplate\":\"https:\/\/site25.monsitecommeunpro.fr\/?s={search_term_string}\"},\"query-input\":{\"@type\":\"PropertyValueSpecification\",\"valueRequired\":true,\"valueName\":\"search_term_string\"}}],\"inLanguage\":\"fr-FR\"}]}<\/script>\n<!-- \/ Yoast SEO plugin. -->","yoast_head_json":{"title":"Page d\u2019accueil soin -","description":"Soin du visage : d\u00e9couvrez nos prestations","robots":{"index":"index","follow":"follow","max-snippet":"max-snippet:-1","max-image-preview":"max-image-preview:large","max-video-preview":"max-video-preview:-1"},"canonical":"https:\/\/site25.monsitecommeunpro.fr\/","og_locale":"fr_FR","og_type":"article","og_title":"Page d\u2019accueil soin -","og_description":"Soin du visage : d\u00e9couvrez nos prestations","og_url":"https:\/\/site25.monsitecommeunpro.fr\/","article_modified_time":"2026-06-23T08:53:19+00:00","og_image":[{"width":2360,"height":1310,"url":"https:\/\/site25.monsitecommeunpro.fr\/wp-content\/uploads\/2026\/03\/IMG_0506-2.jpeg","type":"image\/jpeg"}],"twitter_card":"summary_large_image","twitter_misc":{"Dur\u00e9e de lecture estim\u00e9e":"2 minutes"},"schema":{"@context":"https:\/\/schema.org","@graph":[{"@type":"WebPage","@id":"https:\/\/site25.monsitecommeunpro.fr\/","url":"https:\/\/site25.monsitecommeunpro.fr\/","name":"Page d\u2019accueil soin -","isPartOf":{"@id":"https:\/\/site25.monsitecommeunpro.fr\/#website"},"primaryImageOfPage":{"@id":"https:\/\/site25.monsitecommeunpro.fr\/#primaryimage"},"image":{"@id":"https:\/\/site25.monsitecommeunpro.fr\/#primaryimage"},"thumbnailUrl":"https:\/\/site25.monsitecommeunpro.fr\/wp-content\/uploads\/2026\/03\/IMG_0506-2-1024x568.jpeg","datePublished":"2026-03-02T07:45:54+00:00","dateModified":"2026-06-23T08:53:19+00:00","description":"Soin du visage : d\u00e9couvrez nos prestations","breadcrumb":{"@id":"https:\/\/site25.monsitecommeunpro.fr\/#breadcrumb"},"inLanguage":"fr-FR","potentialAction":[{"@type":"ReadAction","target":["https:\/\/site25.monsitecommeunpro.fr\/"]}]},{"@type":"ImageObject","inLanguage":"fr-FR","@id":"https:\/\/site25.monsitecommeunpro.fr\/#primaryimage","url":"https:\/\/site25.monsitecommeunpro.fr\/wp-content\/uploads\/2026\/03\/IMG_0506-2.jpeg","contentUrl":"https:\/\/site25.monsitecommeunpro.fr\/wp-content\/uploads\/2026\/03\/IMG_0506-2.jpeg","width":2360,"height":1310,"caption":"Screenshot"},{"@type":"BreadcrumbList","@id":"https:\/\/site25.monsitecommeunpro.fr\/#breadcrumb","itemListElement":[{"@type":"ListItem","position":1,"name":"Accueil","item":"https:\/\/site25.monsitecommeunpro.fr\/"},{"@type":"ListItem","position":2,"name":"Page d\u2019accueil soin"}]},{"@type":"WebSite","@id":"https:\/\/site25.monsitecommeunpro.fr\/#website","url":"https:\/\/site25.monsitecommeunpro.fr\/","name":"","description":"","potentialAction":[{"@type":"SearchAction","target":{"@type":"EntryPoint","urlTemplate":"https:\/\/site25.monsitecommeunpro.fr\/?s={search_term_string}"},"query-input":{"@type":"PropertyValueSpecification","valueRequired":true,"valueName":"search_term_string"}}],"inLanguage":"fr-FR"}]}},"uagb_featured_image_src":{"full":false,"thumbnail":false,"medium":false,"medium_large":false,"large":false,"1536x1536":false,"2048x2048":false},"uagb_author_info":{"display_name":"admin","author_link":"https:\/\/site25.monsitecommeunpro.fr\/?author=1"},"uagb_comment_info":0,"uagb_excerpt":"Notre mission : r\u00e9v\u00e9ler l\u2019\u00e9clat naturel de votre peau et vous offrir des soins du visage personnalis\u00e9s adapt\u00e9s \u00e0 vos [&hellip;]","_links":{"self":[{"href":"https:\/\/site25.monsitecommeunpro.fr\/index.php?rest_route=\/wp\/v2\/pages\/9","targetHints":{"allow":["GET"]}}],"collection":[{"href":"https:\/\/site25.monsitecommeunpro.fr\/index.php?rest_route=\/wp\/v2\/pages"}],"about":[{"href":"https:\/\/site25.monsitecommeunpro.fr\/index.php?rest_route=\/wp\/v2\/types\/page"}],"author":[{"embeddable":true,"href":"https:\/\/site25.monsitecommeunpro.fr\/index.php?rest_route=\/wp\/v2\/users\/1"}],"replies":[{"embeddable":true,"href":"https:\/\/site25.monsitecommeunpro.fr\/index.php?rest_route=%2Fwp%2Fv2%2Fcomments&post=9"}],"version-history":[{"count":20,"href":"https:\/\/site25.monsitecommeunpro.fr\/index.php?rest_route=\/wp\/v2\/pages\/9\/revisions"}],"predecessor-version":[{"id":242,"href":"https:\/\/site25.monsitecommeunpro.fr\/index.php?rest_route=\/wp\/v2\/pages\/9\/revisions\/242"}],"wp:attachment":[{"href":"https:\/\/site25.monsitecommeunpro.fr\/index.php?rest_route=%2Fwp%2Fv2%2Fmedia&parent=9"}],"curies":[{"name":"wp","href":"https:\/\/api.w.org\/{rel}","templated":true}]}}